{"id":2048,"date":"2022-07-24T19:36:16","date_gmt":"2022-07-24T17:36:16","guid":{"rendered":"https:\/\/collectif-louves.fr\/?page_id=2048"},"modified":"2022-12-20T01:36:02","modified_gmt":"2022-12-20T00:36:02","slug":"saudade","status":"publish","type":"page","link":"http:\/\/collectif-louves.fr\/?page_id=2048","title":{"rendered":"Saudade"},"content":{"rendered":"\t\t<div data-elementor-type=\"wp-page\" data-elementor-id=\"2048\" class=\"elementor elementor-2048\">\n\t\t\t\t\t\t\t\t\t<section class=\"elementor-section elementor-top-section elementor-element elementor-element-722ef93d elementor-section-boxed elementor-section-height-default elementor-section-height-default\" data-id=\"722ef93d\" data-element_type=\"section\">\n\t\t\t\t\t\t<div class=\"elementor-container elementor-column-gap-default\">\n\t\t\t\t\t<div class=\"elementor-column elementor-col-100 elementor-top-column elementor-element elementor-element-bc1b3aa\" data-id=\"bc1b3aa\" data-element_type=\"column\">\n\t\t\t<div class=\"elementor-widget-wrap\">\n\t\t\t\t\t\t\t\t\t<\/div>\n\t\t<\/div>\n\t\t\t\t\t\t\t<\/div>\n\t\t<\/section>\n\t\t\t\t<section class=\"elementor-section elementor-top-section elementor-element elementor-element-c9f64e2 elementor-section-boxed elementor-section-height-default elementor-section-height-default\" data-id=\"c9f64e2\" data-element_type=\"section\" data-settings=\"{&quot;background_background&quot;:&quot;classic&quot;}\">\n\t\t\t\t\t\t<div class=\"elementor-container elementor-column-gap-default\">\n\t\t\t\t\t<div class=\"elementor-column elementor-col-100 elementor-top-column elementor-element elementor-element-0c09882\" data-id=\"0c09882\" data-element_type=\"column\">\n\t\t\t<div class=\"elementor-widget-wrap elementor-element-populated\">\n\t\t\t\t\t\t\t\t<div class=\"elementor-element elementor-element-6095832 elementor-widget elementor-widget-image\" data-id=\"6095832\" data-element_type=\"widget\" data-widget_type=\"image.default\">\n\t\t\t\t<div class=\"elementor-widget-container\">\n\t\t\t<style>\/*! elementor - v3.6.7 - 03-07-2022 *\/\n.elementor-widget-image{text-align:center}.elementor-widget-image a{display:inline-block}.elementor-widget-image a img[src$=\".svg\"]{width:48px}.elementor-widget-image img{vertical-align:middle;display:inline-block}<\/style>\t\t\t\t\t\t\t\t\t\t\t\t<img width=\"736\" height=\"168\" src=\"http:\/\/collectif-louves.fr\/wp-content\/uploads\/2022\/07\/TITRE-10.png\" class=\"attachment-full size-full\" alt=\"\" loading=\"lazy\" srcset=\"http:\/\/collectif-louves.fr\/wp-content\/uploads\/2022\/07\/TITRE-10.png 736w, http:\/\/collectif-louves.fr\/wp-content\/uploads\/2022\/07\/TITRE-10-480x110.png 480w\" sizes=\"(min-width: 0px) and (max-width: 480px) 480px, (min-width: 481px) 736px, 100vw\" \/>\t\t\t\t\t\t\t\t\t\t\t\t\t\t\t<\/div>\n\t\t\t\t<\/div>\n\t\t\t\t<div class=\"elementor-element elementor-element-b00ea4b elementor-aspect-ratio-169 elementor-widget elementor-widget-video\" data-id=\"b00ea4b\" data-element_type=\"widget\" data-settings=\"{&quot;video_type&quot;:&quot;hosted&quot;,&quot;controls&quot;:&quot;yes&quot;,&quot;aspect_ratio&quot;:&quot;169&quot;}\" data-widget_type=\"video.default\">\n\t\t\t\t<div class=\"elementor-widget-container\">\n\t\t\t<style>\/*! elementor - v3.6.7 - 03-07-2022 *\/\n.elementor-widget-video .elementor-widget-container{overflow:hidden;-webkit-transform:translateZ(0);transform:translateZ(0)}.elementor-widget-video .elementor-open-inline .elementor-custom-embed-image-overlay{position:absolute;top:0;left:0;width:100%;height:100%;background-size:cover;background-position:50%}.elementor-widget-video .elementor-custom-embed-image-overlay{cursor:pointer;text-align:center}.elementor-widget-video .elementor-custom-embed-image-overlay:hover .elementor-custom-embed-play i{opacity:1}.elementor-widget-video .elementor-custom-embed-image-overlay img{display:block;width:100%}.elementor-widget-video .e-hosted-video .elementor-video{-o-object-fit:cover;object-fit:cover}<\/style>\t\t<div class=\"e-hosted-video elementor-wrapper elementor-fit-aspect-ratio elementor-open-inline\">\n\t\t\t\t\t<video class=\"elementor-video\" src=\"http:\/\/collectif-louves.fr\/wp-content\/uploads\/2022\/07\/TEASER-SAUDADE-converted-with-Clipchamp.mp4\" controls=\"\" controlsList=\"nodownload\"><\/video>\n\t\t\t\t<\/div>\n\t\t\t\t<\/div>\n\t\t\t\t<\/div>\n\t\t\t\t<section class=\"elementor-section elementor-inner-section elementor-element elementor-element-799eafa elementor-section-boxed elementor-section-height-default elementor-section-height-default\" data-id=\"799eafa\" data-element_type=\"section\">\n\t\t\t\t\t\t<div class=\"elementor-container elementor-column-gap-default\">\n\t\t\t\t\t<div class=\"elementor-column elementor-col-100 elementor-inner-column elementor-element elementor-element-bb4eb4f\" data-id=\"bb4eb4f\" data-element_type=\"column\">\n\t\t\t<div class=\"elementor-widget-wrap elementor-element-populated\">\n\t\t\t\t\t\t\t\t<div class=\"elementor-element elementor-element-ad4e182 elementor-widget elementor-widget-text-editor\" data-id=\"ad4e182\" data-element_type=\"widget\" data-widget_type=\"text-editor.default\">\n\t\t\t\t<div class=\"elementor-widget-container\">\n\t\t\t<style>\/*! elementor - v3.6.7 - 03-07-2022 *\/\n.elementor-widget-text-editor.elementor-drop-cap-view-stacked .elementor-drop-cap{background-color:#818a91;color:#fff}.elementor-widget-text-editor.elementor-drop-cap-view-framed .elementor-drop-cap{color:#818a91;border:3px solid;background-color:transparent}.elementor-widget-text-editor:not(.elementor-drop-cap-view-default) .elementor-drop-cap{margin-top:8px}.elementor-widget-text-editor:not(.elementor-drop-cap-view-default) .elementor-drop-cap-letter{width:1em;height:1em}.elementor-widget-text-editor .elementor-drop-cap{float:left;text-align:center;line-height:1;font-size:50px}.elementor-widget-text-editor .elementor-drop-cap-letter{display:inline-block}<\/style>\t\t\t\t<p class=\"p1\">Trente-trois corps f\u00e9minins traversent une c\u00e9r\u00e9monie expiatoire durant 5 heures, dans un espace tr\u00e8s r\u00e9duit. C&rsquo;est notre rapport \u00e0 la m\u00e9lancolie qui est mis \u00e0 nu lors de cette installation performative. Une synergie collective permet peu \u00e0 peu le jaillissement des singularit\u00e9s, l\u2019entrelacement des v\u00e9cus personnels.<\/p><p>Nous l\u2019avons pr\u00e9sent\u00e9e pour la premi\u00e8re fois dans la galerie d\u2019art du Flor\u00e9al Belleville et \u00e0 cette occasion SAUDADE \u00e9tait r\u00e9p\u00e9t\u00e9e 8 fois en boucle pour une dur\u00e9e totale de 2 heures de performance.<\/p>\t\t\t\t\t\t<\/div>\n\t\t\t\t<\/div>\n\t\t\t\t\t<\/div>\n\t\t<\/div>\n\t\t\t\t\t\t\t<\/div>\n\t\t<\/section>\n\t\t\t\t<div class=\"elementor-element elementor-element-ec58795 elementor-widget elementor-widget-image\" data-id=\"ec58795\" data-element_type=\"widget\" data-widget_type=\"image.default\">\n\t\t\t\t<div class=\"elementor-widget-container\">\n\t\t\t\t\t\t\t\t\t\t\t\t\t\t\t<img width=\"431\" height=\"59\" src=\"http:\/\/collectif-louves.fr\/wp-content\/uploads\/2022\/07\/INTENTION.png\" class=\"attachment-full size-full\" alt=\"\" loading=\"lazy\" srcset=\"http:\/\/collectif-louves.fr\/wp-content\/uploads\/2022\/07\/INTENTION.png 431w, http:\/\/collectif-louves.fr\/wp-content\/uploads\/2022\/07\/INTENTION-300x41.png 300w\" sizes=\"(max-width: 431px) 100vw, 431px\" \/>\t\t\t\t\t\t\t\t\t\t\t\t\t\t\t<\/div>\n\t\t\t\t<\/div>\n\t\t\t\t<div class=\"elementor-element elementor-element-b80cfa9 elementor-widget elementor-widget-text-editor\" data-id=\"b80cfa9\" data-element_type=\"widget\" data-widget_type=\"text-editor.default\">\n\t\t\t\t<div class=\"elementor-widget-container\">\n\t\t\t\t\t\t\t<p class=\"x_ydped6649c3MsoNormal\">Trente-trois corps fe\u0301minins traversent une ce\u0301re\u0301monie expiatoire durant 5 heures, dans un espace tre\u0300s r\u00e9duit. C&rsquo;est notre rapport a\u0300 la me\u0301lancolie qui est mis a\u0300 nu lors de cette installation performative. Une synergie collective permet peu a\u0300 peu le jaillissement des singularite\u0301s, l\u2019entrelacement des ve\u0301cus personnels.\u00a0<br aria-hidden=\"true\" \/><br aria-hidden=\"true\" \/>Happ\u00e9s par le nombre d\u2019interpr\u00e8tes deux fois plus nombreuses qu\u2019eux, les spectateurs-t\u00e9moins sont englob\u00e9s par la proximit\u00e9 des corps et font ainsi une exp\u00e9rience tr\u00e8s sensorielle du moment. La porosit\u00e9 des espaces est la composante principale du dispositif de SAUDADE, cherchant \u00e0 cr\u00e9er une contagion et donc une communion entre les membres de cette collectivit\u00e9 c\u00e9r\u00e9monielle \u00e9ph\u00e9m\u00e8re.<br aria-hidden=\"true\" \/><br aria-hidden=\"true\" \/>Une installation plastique vient compl\u00e9ter la performance. Elle se situe dans un autre espace, litt\u00e9ralement en-dessous de la premi\u00e8re salle. La descente dans cette anti-chambre symbolise une plong\u00e9e dans les humeurs noires de la m\u00e9lancolie, dans les tr\u00e9fonds du pass\u00e9 et du subconscient.<\/p><div aria-hidden=\"true\">\u00a0<\/div>\t\t\t\t\t\t<\/div>\n\t\t\t\t<\/div>\n\t\t\t\t\t<\/div>\n\t\t<\/div>\n\t\t\t\t\t\t\t<\/div>\n\t\t<\/section>\n\t\t\t\t<section class=\"elementor-section elementor-top-section elementor-element elementor-element-6664a79 elementor-section-boxed elementor-section-height-default elementor-section-height-default\" data-id=\"6664a79\" data-element_type=\"section\" data-settings=\"{&quot;background_background&quot;:&quot;classic&quot;}\">\n\t\t\t\t\t\t<div class=\"elementor-container elementor-column-gap-default\">\n\t\t\t\t\t<div class=\"elementor-column elementor-col-100 elementor-top-column elementor-element elementor-element-ffcdd22\" data-id=\"ffcdd22\" data-element_type=\"column\">\n\t\t\t<div class=\"elementor-widget-wrap elementor-element-populated\">\n\t\t\t\t\t\t\t\t<div class=\"elementor-element elementor-element-97680fd elementor-widget elementor-widget-image\" data-id=\"97680fd\" data-element_type=\"widget\" data-widget_type=\"image.default\">\n\t\t\t\t<div class=\"elementor-widget-container\">\n\t\t\t\t\t\t\t\t\t\t\t\t\t\t\t<img width=\"1728\" height=\"398\" src=\"http:\/\/collectif-louves.fr\/wp-content\/uploads\/2022\/07\/Mask-group-18.png\" class=\"attachment-full size-full\" alt=\"\" loading=\"lazy\" srcset=\"http:\/\/collectif-louves.fr\/wp-content\/uploads\/2022\/07\/Mask-group-18.png 1728w, http:\/\/collectif-louves.fr\/wp-content\/uploads\/2022\/07\/Mask-group-18-1280x295.png 1280w, http:\/\/collectif-louves.fr\/wp-content\/uploads\/2022\/07\/Mask-group-18-980x226.png 980w, http:\/\/collectif-louves.fr\/wp-content\/uploads\/2022\/07\/Mask-group-18-480x111.png 480w\" sizes=\"(min-width: 0px) and (max-width: 480px) 480px, (min-width: 481px) and (max-width: 980px) 980px, (min-width: 981px) and (max-width: 1280px) 1280px, (min-width: 1281px) 1728px, 100vw\" \/>\t\t\t\t\t\t\t\t\t\t\t\t\t\t\t<\/div>\n\t\t\t\t<\/div>\n\t\t\t\t\t<\/div>\n\t\t<\/div>\n\t\t\t\t\t\t\t<\/div>\n\t\t<\/section>\n\t\t\t\t<section class=\"elementor-section elementor-top-section elementor-element elementor-element-d916a12 elementor-section-boxed elementor-section-height-default elementor-section-height-default\" data-id=\"d916a12\" data-element_type=\"section\" data-settings=\"{&quot;background_background&quot;:&quot;classic&quot;}\">\n\t\t\t\t\t\t<div class=\"elementor-container elementor-column-gap-default\">\n\t\t\t\t\t<div class=\"elementor-column elementor-col-100 elementor-top-column elementor-element elementor-element-3ffb161\" data-id=\"3ffb161\" data-element_type=\"column\">\n\t\t\t<div class=\"elementor-widget-wrap elementor-element-populated\">\n\t\t\t\t\t\t\t\t<div class=\"elementor-element elementor-element-4a45bce elementor-widget elementor-widget-text-editor\" data-id=\"4a45bce\" data-element_type=\"widget\" data-widget_type=\"text-editor.default\">\n\t\t\t\t<div class=\"elementor-widget-container\">\n\t\t\t\t\t\t\t<p class=\"x_ydped6649c3MsoNormal\">Cr\u00e9ation \/\u00a0<b>Laure Marion<\/b><\/p><p class=\"x_ydped6649c3MsoNormal\">Direction vocale \/\u00a0<b>Lola Gutierrez<\/b><\/p><p class=\"x_ydped6649c3MsoNormal\">Interpr\u00e9tation \/\u00a0<b>Anissa Bellone, Manon Bernard, Pauline Boireau, Sarah Bourel, Asmae Brahimi, Brenda Broohm, Xu\u00e2n-Lan Bui Khac, Mathilde Chabin Guignard, Mona Cha\u00efbi, Gwendoline Chevris, Morgane Drubigny, Eleonore Duluc, Carla Gauz\u00e8s, Camille G\u00e9lin, Lola Gutierrez, Nora Hamama, Loulou Hanssen, Farah Kassabeh, M\u00e9lina K\u00e9loufi, In\u00e8s Latorre, Anne Marchais, Laure Marion, Margot Molvinger, Lisa Mondon, N\u00e9ph\u00e9lie Peingnez, Morgane Protas, Chlo\u00e9 Riols, Rachel Rudloff, Sarah Smets Bouloc, Cl\u00e9mentine Stab, Marie Thiberge, Florie Toffin, Aina Tomas-Martorell, Julie Verg\u00e8s<\/b><\/p><div>Aide artistique \/\u00a0<b>Sophie Braem Vasco, Lola Gutierrez, In\u00e8s Latorre, Margot Molvinger, Juliette Petiot<\/b><\/div><div><b>\u00a0<\/b><\/div><div dir=\"ltr\" data-setdir=\"false\">Installation et sc\u00e9nographie \/\u00a0<b>Sar<\/b><b>ah Smets Bouloc,\u00a0Cl\u00e9mentine Stab<\/b><b><br aria-hidden=\"true\" \/><\/b><\/div><div><div>\u00a0<\/div><\/div><div dir=\"ltr\" data-setdir=\"false\">Partenaire \/\u00a0<b>Le Regard du Cygne<\/b><\/div><div dir=\"ltr\" data-setdir=\"false\">\u00a0<\/div><div>Repr\u00e9sentations \/\u00a0<b>Flor\u00e9al Belleville<\/b><\/div>\t\t\t\t\t\t<\/div>\n\t\t\t\t<\/div>\n\t\t\t\t\t<\/div>\n\t\t<\/div>\n\t\t\t\t\t\t\t<\/div>\n\t\t<\/section>\n\t\t\t\t<section class=\"elementor-section elementor-top-section elementor-element elementor-element-4a9c669 elementor-section-boxed elementor-section-height-default elementor-section-height-default\" data-id=\"4a9c669\" data-element_type=\"section\" data-settings=\"{&quot;background_background&quot;:&quot;classic&quot;}\">\n\t\t\t\t\t\t<div class=\"elementor-container elementor-column-gap-extended\">\n\t\t\t\t\t<div class=\"elementor-column elementor-col-100 elementor-top-column elementor-element elementor-element-0c2add2\" data-id=\"0c2add2\" data-element_type=\"column\">\n\t\t\t<div class=\"elementor-widget-wrap elementor-element-populated\">\n\t\t\t\t\t\t\t\t<div class=\"elementor-element elementor-element-4028afd elementor-widget elementor-widget-image\" data-id=\"4028afd\" data-element_type=\"widget\" data-widget_type=\"image.default\">\n\t\t\t\t<div class=\"elementor-widget-container\">\n\t\t\t\t\t\t\t\t\t\t\t\t\t\t\t<img width=\"1024\" height=\"685\" src=\"http:\/\/collectif-louves.fr\/wp-content\/uploads\/2022\/11\/rectangle-bas-de-page-1-1024x685.jpg\" class=\"attachment-large size-large\" alt=\"\" loading=\"lazy\" srcset=\"http:\/\/collectif-louves.fr\/wp-content\/uploads\/2022\/11\/rectangle-bas-de-page-1-980x656.jpg 980w, http:\/\/collectif-louves.fr\/wp-content\/uploads\/2022\/11\/rectangle-bas-de-page-1-480x321.jpg 480w\" sizes=\"(min-width: 0px) and (max-width: 480px) 480px, (min-width: 481px) and (max-width: 980px) 980px, (min-width: 981px) 1024px, 100vw\" \/>\t\t\t\t\t\t\t\t\t\t\t\t\t\t\t<\/div>\n\t\t\t\t<\/div>\n\t\t\t\t\t<\/div>\n\t\t<\/div>\n\t\t\t\t\t\t\t<\/div>\n\t\t<\/section>\n\t\t\t\t<section class=\"elementor-section elementor-top-section elementor-element elementor-element-4d859c7 elementor-section-boxed elementor-section-height-default elementor-section-height-default\" data-id=\"4d859c7\" data-element_type=\"section\">\n\t\t\t\t\t\t<div class=\"elementor-container elementor-column-gap-default\">\n\t\t\t\t\t<div class=\"elementor-column elementor-col-100 elementor-top-column elementor-element elementor-element-7cfd721\" data-id=\"7cfd721\" data-element_type=\"column\">\n\t\t\t<div class=\"elementor-widget-wrap elementor-element-populated\">\n\t\t\t\t\t\t\t\t<div class=\"elementor-element elementor-element-889adaa elementor-widget elementor-widget-text-editor\" data-id=\"889adaa\" data-element_type=\"widget\" data-widget_type=\"text-editor.default\">\n\t\t\t\t<div class=\"elementor-widget-container\">\n\t\t\t\t\t\t\t<p>Cr\u00e9dit photos\/ Jawad Lazkani, Lara Ossipovski<\/p>\t\t\t\t\t\t<\/div>\n\t\t\t\t<\/div>\n\t\t\t\t\t<\/div>\n\t\t<\/div>\n\t\t\t\t\t\t\t<\/div>\n\t\t<\/section>\n\t\t\t\t<section class=\"elementor-section elementor-top-section elementor-element elementor-element-e55aea5 elementor-section-boxed elementor-section-height-default elementor-section-height-default\" data-id=\"e55aea5\" data-element_type=\"section\">\n\t\t\t\t\t\t<div class=\"elementor-container elementor-column-gap-default\">\n\t\t\t\t\t<div class=\"elementor-column elementor-col-100 elementor-top-column elementor-element elementor-element-0652c31\" data-id=\"0652c31\" data-element_type=\"column\">\n\t\t\t<div class=\"elementor-widget-wrap elementor-element-populated\">\n\t\t\t\t\t\t\t\t<section class=\"elementor-section elementor-inner-section elementor-element elementor-element-a8cc1e9 elementor-section-full_width elementor-section-height-default elementor-section-height-default\" data-id=\"a8cc1e9\" data-element_type=\"section\">\n\t\t\t\t\t\t\t<div class=\"elementor-background-overlay\"><\/div>\n\t\t\t\t\t\t\t<div class=\"elementor-container elementor-column-gap-default\">\n\t\t\t\t\t<div class=\"elementor-column elementor-col-33 elementor-inner-column elementor-element elementor-element-9ee6be6\" data-id=\"9ee6be6\" data-element_type=\"column\">\n\t\t\t<div class=\"elementor-widget-wrap elementor-element-populated\">\n\t\t\t\t\t\t\t\t<div class=\"elementor-element elementor-element-ef722fb elementor-widget elementor-widget-image\" data-id=\"ef722fb\" data-element_type=\"widget\" data-widget_type=\"image.default\">\n\t\t\t\t<div class=\"elementor-widget-container\">\n\t\t\t\t\t\t\t\t\t\t\t\t\t\t\t\t<a href=\"https:\/\/www.facebook.com\/collectif.louves\">\n\t\t\t\t\t\t\t<img width=\"49\" height=\"45\" src=\"http:\/\/collectif-louves.fr\/wp-content\/uploads\/2022\/07\/124010-1.png\" class=\"attachment-full size-full\" alt=\"\" loading=\"lazy\" \/>\t\t\t\t\t\t\t\t<\/a>\n\t\t\t\t\t\t\t\t\t\t\t\t\t\t\t<\/div>\n\t\t\t\t<\/div>\n\t\t\t\t\t<\/div>\n\t\t<\/div>\n\t\t\t\t<div class=\"elementor-column elementor-col-33 elementor-inner-column elementor-element elementor-element-191444d\" data-id=\"191444d\" data-element_type=\"column\">\n\t\t\t<div class=\"elementor-widget-wrap elementor-element-populated\">\n\t\t\t\t\t\t\t\t<div class=\"elementor-element elementor-element-8d4374f elementor-widget elementor-widget-image\" data-id=\"8d4374f\" data-element_type=\"widget\" data-widget_type=\"image.default\">\n\t\t\t\t<div class=\"elementor-widget-container\">\n\t\t\t\t\t\t\t\t\t\t\t\t\t\t\t\t<a href=\"https:\/\/www.instagram.com\/collectif.louves\/\">\n\t\t\t\t\t\t\t<img width=\"49\" height=\"44\" src=\"http:\/\/collectif-louves.fr\/wp-content\/uploads\/2022\/07\/87390-1.png\" class=\"attachment-full size-full\" alt=\"\" loading=\"lazy\" \/>\t\t\t\t\t\t\t\t<\/a>\n\t\t\t\t\t\t\t\t\t\t\t\t\t\t\t<\/div>\n\t\t\t\t<\/div>\n\t\t\t\t\t<\/div>\n\t\t<\/div>\n\t\t\t\t<div class=\"elementor-column elementor-col-33 elementor-inner-column elementor-element elementor-element-9104560\" data-id=\"9104560\" data-element_type=\"column\">\n\t\t\t<div class=\"elementor-widget-wrap elementor-element-populated\">\n\t\t\t\t\t\t\t\t<div class=\"elementor-element elementor-element-24d4507 elementor-widget elementor-widget-image\" data-id=\"24d4507\" data-element_type=\"widget\" data-widget_type=\"image.default\">\n\t\t\t\t<div class=\"elementor-widget-container\">\n\t\t\t\t\t\t\t\t\t\t\t\t\t\t\t\t<a href=\"https:\/\/twitter.com\/collectiflouves?s=21&#038;t=DJWiUvN_MkA_AItMXfEi6g\">\n\t\t\t\t\t\t\t<img width=\"55\" height=\"48\" src=\"http:\/\/collectif-louves.fr\/wp-content\/uploads\/2022\/07\/Twitter_Bird-1.png\" class=\"attachment-full size-full\" alt=\"\" loading=\"lazy\" \/>\t\t\t\t\t\t\t\t<\/a>\n\t\t\t\t\t\t\t\t\t\t\t\t\t\t\t<\/div>\n\t\t\t\t<\/div>\n\t\t\t\t\t<\/div>\n\t\t<\/div>\n\t\t\t\t\t\t\t<\/div>\n\t\t<\/section>\n\t\t\t\t\t<\/div>\n\t\t<\/div>\n\t\t\t\t\t\t\t<\/div>\n\t\t<\/section>\n\t\t\t\t\t\t\t<\/div>\n\t\t","protected":false},"excerpt":{"rendered":"<p>http:\/\/collectif-louves.fr\/wp-content\/uploads\/2022\/07\/TEASER-SAUDADE-converted-with-Clipchamp.mp4 Trente-trois corps f\u00e9minins traversent une c\u00e9r\u00e9monie expiatoire durant 5 heures, dans un espace tr\u00e8s r\u00e9duit. C&rsquo;est notre rapport \u00e0 la m\u00e9lancolie qui est mis \u00e0 nu lors de cette installation performative. Une synergie collective permet peu \u00e0 peu le jaillissement des singularit\u00e9s, l\u2019entrelacement des v\u00e9cus personnels. Nous l\u2019avons pr\u00e9sent\u00e9e pour la premi\u00e8re fois dans [&hellip;]<\/p>\n","protected":false},"author":1,"featured_media":0,"parent":0,"menu_order":0,"comment_status":"closed","ping_status":"closed","template":"","meta":{"_et_pb_use_builder":"on","_et_pb_old_content":"","_et_gb_content_width":"","_monsterinsights_skip_tracking":false,"_monsterinsights_sitenote_active":false,"_monsterinsights_sitenote_note":"","_monsterinsights_sitenote_category":0},"yoast_head":"<!-- This site is optimized with the Yoast SEO plugin v17.1 - https:\/\/yoast.com\/wordpress\/plugins\/seo\/ -->\n<title>Saudade - Collectif LOUVES\/<\/title>\n<meta name=\"robots\" content=\"index, follow, max-snippet:-1, max-image-preview:large, max-video-preview:-1\" \/>\n<link rel=\"canonical\" href=\"http:\/\/collectif-louves.fr\/?page_id=2048\" \/>\n<meta property=\"og:locale\" content=\"fr_FR\" \/>\n<meta property=\"og:type\" content=\"article\" \/>\n<meta property=\"og:title\" content=\"Saudade - Collectif LOUVES\/\" \/>\n<meta property=\"og:description\" content=\"http:\/\/collectif-louves.fr\/wp-content\/uploads\/2022\/07\/TEASER-SAUDADE-converted-with-Clipchamp.mp4 Trente-trois corps f\u00e9minins traversent une c\u00e9r\u00e9monie expiatoire durant 5 heures, dans un espace tr\u00e8s r\u00e9duit. C&rsquo;est notre rapport \u00e0 la m\u00e9lancolie qui est mis \u00e0 nu lors de cette installation performative. Une synergie collective permet peu \u00e0 peu le jaillissement des singularit\u00e9s, l\u2019entrelacement des v\u00e9cus personnels. Nous l\u2019avons pr\u00e9sent\u00e9e pour la premi\u00e8re fois dans [&hellip;]\" \/>\n<meta property=\"og:url\" content=\"http:\/\/collectif-louves.fr\/?page_id=2048\" \/>\n<meta property=\"og:site_name\" content=\"Collectif LOUVES\/\" \/>\n<meta property=\"article:modified_time\" content=\"2022-12-20T00:36:02+00:00\" \/>\n<meta property=\"og:image\" content=\"http:\/\/collectif-louves.fr\/wp-content\/uploads\/2022\/07\/TITRE-10.png\" \/>\n<meta name=\"twitter:card\" content=\"summary_large_image\" \/>\n<meta name=\"twitter:label1\" content=\"Dur\u00e9e de lecture est.\" \/>\n\t<meta name=\"twitter:data1\" content=\"3 minutes\" \/>\n<script type=\"application\/ld+json\" class=\"yoast-schema-graph\">{\"@context\":\"https:\/\/schema.org\",\"@graph\":[{\"@type\":\"WebSite\",\"@id\":\"http:\/\/collectif-louves.fr\/#website\",\"url\":\"http:\/\/collectif-louves.fr\/\",\"name\":\"Collectif LOUVES\/\",\"description\":\"\",\"potentialAction\":[{\"@type\":\"SearchAction\",\"target\":{\"@type\":\"EntryPoint\",\"urlTemplate\":\"http:\/\/collectif-louves.fr\/?s={search_term_string}\"},\"query-input\":\"required name=search_term_string\"}],\"inLanguage\":\"fr-FR\"},{\"@type\":\"ImageObject\",\"@id\":\"http:\/\/collectif-louves.fr\/?page_id=2048#primaryimage\",\"inLanguage\":\"fr-FR\",\"url\":\"http:\/\/collectif-louves.fr\/wp-content\/uploads\/2022\/07\/TITRE-10.png\",\"contentUrl\":\"http:\/\/collectif-louves.fr\/wp-content\/uploads\/2022\/07\/TITRE-10.png\",\"width\":736,\"height\":168},{\"@type\":\"WebPage\",\"@id\":\"http:\/\/collectif-louves.fr\/?page_id=2048#webpage\",\"url\":\"http:\/\/collectif-louves.fr\/?page_id=2048\",\"name\":\"Saudade - Collectif LOUVES\/\",\"isPartOf\":{\"@id\":\"http:\/\/collectif-louves.fr\/#website\"},\"primaryImageOfPage\":{\"@id\":\"http:\/\/collectif-louves.fr\/?page_id=2048#primaryimage\"},\"datePublished\":\"2022-07-24T17:36:16+00:00\",\"dateModified\":\"2022-12-20T00:36:02+00:00\",\"breadcrumb\":{\"@id\":\"http:\/\/collectif-louves.fr\/?page_id=2048#breadcrumb\"},\"inLanguage\":\"fr-FR\",\"potentialAction\":[{\"@type\":\"ReadAction\",\"target\":[\"http:\/\/collectif-louves.fr\/?page_id=2048\"]}]},{\"@type\":\"BreadcrumbList\",\"@id\":\"http:\/\/collectif-louves.fr\/?page_id=2048#breadcrumb\",\"itemListElement\":[{\"@type\":\"ListItem\",\"position\":1,\"name\":\"Accueil\",\"item\":\"http:\/\/collectif-louves.fr\/\"},{\"@type\":\"ListItem\",\"position\":2,\"name\":\"Saudade\"}]}]}<\/script>\n<!-- \/ Yoast SEO plugin. -->","yoast_head_json":{"title":"Saudade - Collectif LOUVES\/","robots":{"index":"index","follow":"follow","max-snippet":"max-snippet:-1","max-image-preview":"max-image-preview:large","max-video-preview":"max-video-preview:-1"},"canonical":"http:\/\/collectif-louves.fr\/?page_id=2048","og_locale":"fr_FR","og_type":"article","og_title":"Saudade - Collectif LOUVES\/","og_description":"http:\/\/collectif-louves.fr\/wp-content\/uploads\/2022\/07\/TEASER-SAUDADE-converted-with-Clipchamp.mp4 Trente-trois corps f\u00e9minins traversent une c\u00e9r\u00e9monie expiatoire durant 5 heures, dans un espace tr\u00e8s r\u00e9duit. C&rsquo;est notre rapport \u00e0 la m\u00e9lancolie qui est mis \u00e0 nu lors de cette installation performative. Une synergie collective permet peu \u00e0 peu le jaillissement des singularit\u00e9s, l\u2019entrelacement des v\u00e9cus personnels. Nous l\u2019avons pr\u00e9sent\u00e9e pour la premi\u00e8re fois dans [&hellip;]","og_url":"http:\/\/collectif-louves.fr\/?page_id=2048","og_site_name":"Collectif LOUVES\/","article_modified_time":"2022-12-20T00:36:02+00:00","og_image":[{"url":"http:\/\/collectif-louves.fr\/wp-content\/uploads\/2022\/07\/TITRE-10.png"}],"twitter_card":"summary_large_image","twitter_misc":{"Dur\u00e9e de lecture est.":"3 minutes"},"schema":{"@context":"https:\/\/schema.org","@graph":[{"@type":"WebSite","@id":"http:\/\/collectif-louves.fr\/#website","url":"http:\/\/collectif-louves.fr\/","name":"Collectif LOUVES\/","description":"","potentialAction":[{"@type":"SearchAction","target":{"@type":"EntryPoint","urlTemplate":"http:\/\/collectif-louves.fr\/?s={search_term_string}"},"query-input":"required name=search_term_string"}],"inLanguage":"fr-FR"},{"@type":"ImageObject","@id":"http:\/\/collectif-louves.fr\/?page_id=2048#primaryimage","inLanguage":"fr-FR","url":"http:\/\/collectif-louves.fr\/wp-content\/uploads\/2022\/07\/TITRE-10.png","contentUrl":"http:\/\/collectif-louves.fr\/wp-content\/uploads\/2022\/07\/TITRE-10.png","width":736,"height":168},{"@type":"WebPage","@id":"http:\/\/collectif-louves.fr\/?page_id=2048#webpage","url":"http:\/\/collectif-louves.fr\/?page_id=2048","name":"Saudade - Collectif LOUVES\/","isPartOf":{"@id":"http:\/\/collectif-louves.fr\/#website"},"primaryImageOfPage":{"@id":"http:\/\/collectif-louves.fr\/?page_id=2048#primaryimage"},"datePublished":"2022-07-24T17:36:16+00:00","dateModified":"2022-12-20T00:36:02+00:00","breadcrumb":{"@id":"http:\/\/collectif-louves.fr\/?page_id=2048#breadcrumb"},"inLanguage":"fr-FR","potentialAction":[{"@type":"ReadAction","target":["http:\/\/collectif-louves.fr\/?page_id=2048"]}]},{"@type":"BreadcrumbList","@id":"http:\/\/collectif-louves.fr\/?page_id=2048#breadcrumb","itemListElement":[{"@type":"ListItem","position":1,"name":"Accueil","item":"http:\/\/collectif-louves.fr\/"},{"@type":"ListItem","position":2,"name":"Saudade"}]}]}},"_links":{"self":[{"href":"http:\/\/collectif-louves.fr\/index.php?rest_route=\/wp\/v2\/pages\/2048"}],"collection":[{"href":"http:\/\/collectif-louves.fr\/index.php?rest_route=\/wp\/v2\/pages"}],"about":[{"href":"http:\/\/collectif-louves.fr\/index.php?rest_route=\/wp\/v2\/types\/page"}],"author":[{"embeddable":true,"href":"http:\/\/collectif-louves.fr\/index.php?rest_route=\/wp\/v2\/users\/1"}],"replies":[{"embeddable":true,"href":"http:\/\/collectif-louves.fr\/index.php?rest_route=%2Fwp%2Fv2%2Fcomments&post=2048"}],"version-history":[{"count":115,"href":"http:\/\/collectif-louves.fr\/index.php?rest_route=\/wp\/v2\/pages\/2048\/revisions"}],"predecessor-version":[{"id":4970,"href":"http:\/\/collectif-louves.fr\/index.php?rest_route=\/wp\/v2\/pages\/2048\/revisions\/4970"}],"wp:attachment":[{"href":"http:\/\/collectif-louves.fr\/index.php?rest_route=%2Fwp%2Fv2%2Fmedia&parent=2048"}],"curies":[{"name":"wp","href":"https:\/\/api.w.org\/{rel}","templated":true}]}}