{"id":2058,"date":"2022-07-24T19:32:50","date_gmt":"2022-07-24T17:32:50","guid":{"rendered":"https:\/\/collectif-louves.fr\/?page_id=2058"},"modified":"2022-12-20T01:29:00","modified_gmt":"2022-12-20T00:29:00","slug":"nos-transmissions-2","status":"publish","type":"page","link":"http:\/\/collectif-louves.fr\/?page_id=2058","title":{"rendered":"Nos transmissions"},"content":{"rendered":"\t\t<div data-elementor-type=\"wp-page\" data-elementor-id=\"2058\" class=\"elementor elementor-2058\">\n\t\t\t\t\t\t\t\t\t<section class=\"elementor-section elementor-top-section elementor-element elementor-element-722ef93d elementor-section-boxed elementor-section-height-default elementor-section-height-default\" data-id=\"722ef93d\" data-element_type=\"section\">\n\t\t\t\t\t\t<div class=\"elementor-container elementor-column-gap-default\">\n\t\t\t\t\t<div class=\"elementor-column elementor-col-100 elementor-top-column elementor-element elementor-element-bc1b3aa\" data-id=\"bc1b3aa\" data-element_type=\"column\">\n\t\t\t<div class=\"elementor-widget-wrap\">\n\t\t\t\t\t\t\t\t\t<\/div>\n\t\t<\/div>\n\t\t\t\t\t\t\t<\/div>\n\t\t<\/section>\n\t\t\t\t<section class=\"elementor-section elementor-top-section elementor-element elementor-element-c9f64e2 elementor-section-boxed elementor-section-height-default elementor-section-height-default\" data-id=\"c9f64e2\" data-element_type=\"section\" data-settings=\"{&quot;background_background&quot;:&quot;classic&quot;}\">\n\t\t\t\t\t\t<div class=\"elementor-container elementor-column-gap-default\">\n\t\t\t\t\t<div class=\"elementor-column elementor-col-100 elementor-top-column elementor-element elementor-element-0c09882\" data-id=\"0c09882\" data-element_type=\"column\">\n\t\t\t<div class=\"elementor-widget-wrap elementor-element-populated\">\n\t\t\t\t\t\t\t\t<div class=\"elementor-element elementor-element-6095832 elementor-widget elementor-widget-image\" data-id=\"6095832\" data-element_type=\"widget\" data-widget_type=\"image.default\">\n\t\t\t\t<div class=\"elementor-widget-container\">\n\t\t\t<style>\/*! elementor - v3.6.7 - 03-07-2022 *\/\n.elementor-widget-image{text-align:center}.elementor-widget-image a{display:inline-block}.elementor-widget-image a img[src$=\".svg\"]{width:48px}.elementor-widget-image img{vertical-align:middle;display:inline-block}<\/style>\t\t\t\t\t\t\t\t\t\t\t\t<img width=\"1260\" height=\"309\" src=\"http:\/\/collectif-louves.fr\/wp-content\/uploads\/2022\/07\/TITRE-11.png\" class=\"attachment-full size-full\" alt=\"\" loading=\"lazy\" srcset=\"http:\/\/collectif-louves.fr\/wp-content\/uploads\/2022\/07\/TITRE-11.png 1260w, http:\/\/collectif-louves.fr\/wp-content\/uploads\/2022\/07\/TITRE-11-980x240.png 980w, http:\/\/collectif-louves.fr\/wp-content\/uploads\/2022\/07\/TITRE-11-480x118.png 480w\" sizes=\"(min-width: 0px) and (max-width: 480px) 480px, (min-width: 481px) and (max-width: 980px) 980px, (min-width: 981px) 1260px, 100vw\" \/>\t\t\t\t\t\t\t\t\t\t\t\t\t\t\t<\/div>\n\t\t\t\t<\/div>\n\t\t\t\t<div class=\"elementor-element elementor-element-11db4e3 elementor-widget elementor-widget-image\" data-id=\"11db4e3\" data-element_type=\"widget\" data-widget_type=\"image.default\">\n\t\t\t\t<div class=\"elementor-widget-container\">\n\t\t\t\t\t\t\t\t\t\t\t\t\t\t\t<img width=\"1291\" height=\"861\" src=\"http:\/\/collectif-louves.fr\/wp-content\/uploads\/2022\/11\/Mask-group-11.png\" class=\"attachment-full size-full\" alt=\"\" loading=\"lazy\" srcset=\"http:\/\/collectif-louves.fr\/wp-content\/uploads\/2022\/11\/Mask-group-11.png 1291w, http:\/\/collectif-louves.fr\/wp-content\/uploads\/2022\/11\/Mask-group-11-1280x854.png 1280w, http:\/\/collectif-louves.fr\/wp-content\/uploads\/2022\/11\/Mask-group-11-980x654.png 980w, http:\/\/collectif-louves.fr\/wp-content\/uploads\/2022\/11\/Mask-group-11-480x320.png 480w\" sizes=\"(min-width: 0px) and (max-width: 480px) 480px, (min-width: 481px) and (max-width: 980px) 980px, (min-width: 981px) and (max-width: 1280px) 1280px, (min-width: 1281px) 1291px, 100vw\" \/>\t\t\t\t\t\t\t\t\t\t\t\t\t\t\t<\/div>\n\t\t\t\t<\/div>\n\t\t\t\t<div class=\"elementor-element elementor-element-f403c4c elementor-widget elementor-widget-text-editor\" data-id=\"f403c4c\" data-element_type=\"widget\" data-widget_type=\"text-editor.default\">\n\t\t\t\t<div class=\"elementor-widget-container\">\n\t\t\t<style>\/*! elementor - v3.6.7 - 03-07-2022 *\/\n.elementor-widget-text-editor.elementor-drop-cap-view-stacked .elementor-drop-cap{background-color:#818a91;color:#fff}.elementor-widget-text-editor.elementor-drop-cap-view-framed .elementor-drop-cap{color:#818a91;border:3px solid;background-color:transparent}.elementor-widget-text-editor:not(.elementor-drop-cap-view-default) .elementor-drop-cap{margin-top:8px}.elementor-widget-text-editor:not(.elementor-drop-cap-view-default) .elementor-drop-cap-letter{width:1em;height:1em}.elementor-widget-text-editor .elementor-drop-cap{float:left;text-align:center;line-height:1;font-size:50px}.elementor-widget-text-editor .elementor-drop-cap-letter{display:inline-block}<\/style>\t\t\t\t<p>Le Collectif LOUVES\/ m\u00e8ne plusieurs actions sur le territoire parisien ; certaines \u00e0 but p\u00e9dagogique de transmission, d\u2019autres \u00e0 but artistique et de cr\u00e9ation.<\/p><p>Ainsi, nous avons cr\u00e9\u00e9 des partenariats avec des structures diverses \u2013 coll\u00e8ges, ehpad, hopitaux, universit\u00e9.<\/p>\t\t\t\t\t\t<\/div>\n\t\t\t\t<\/div>\n\t\t\t\t\t<\/div>\n\t\t<\/div>\n\t\t\t\t\t\t\t<\/div>\n\t\t<\/section>\n\t\t\t\t<section class=\"elementor-section elementor-top-section elementor-element elementor-element-d916a12 elementor-section-boxed elementor-section-height-default elementor-section-height-default\" data-id=\"d916a12\" data-element_type=\"section\" data-settings=\"{&quot;background_background&quot;:&quot;classic&quot;}\">\n\t\t\t\t\t\t<div class=\"elementor-container elementor-column-gap-default\">\n\t\t\t\t\t<div class=\"elementor-column elementor-col-100 elementor-top-column elementor-element elementor-element-3ffb161\" data-id=\"3ffb161\" data-element_type=\"column\">\n\t\t\t<div class=\"elementor-widget-wrap elementor-element-populated\">\n\t\t\t\t\t\t\t\t<div class=\"elementor-element elementor-element-4a45bce elementor-widget elementor-widget-text-editor\" data-id=\"4a45bce\" data-element_type=\"widget\" data-widget_type=\"text-editor.default\">\n\t\t\t\t<div class=\"elementor-widget-container\">\n\t\t\t\t\t\t\t<p class=\"p1\"><b>2020-2022 : Action \u201cNotre choeur pour les h\u00e9ro.\u00efne.s invisibles\u201d \/ Personnel et pensionnaires des Ehpad <br>et H\u00f4pitaux de Paris 20e<br>Avec le soutien de la Mairie du 20e &#8211; Commission Culture<br>En collaboration avec Mil\u00e9na Kartowski-A\u00efach (chanteuse et metteuse en sc\u00e8ne au sein de la Compagnie <br>Les Ha\u00efm)<br><\/b><\/p>\n<p class=\"p1\">Nous avons d\u00e9cid\u00e9 de constituer un choeur pour les h\u00e9ro.\u00efne.s invisibles qui se sont illustr\u00e9.e.s au cours de cette sombre p\u00e9riode de crise sanitaire. Il s\u2019agissait de rendre hommage \u00e0 travers des chants polyphoniques au courage de l\u2019ensemble des personnels hospitaliers et d\u2019offrir un moment de douceur aux personnes qui se sont retrouv\u00e9es isol\u00e9es dans ces \u00e9tablissements ces derniers mois.<\/p>\n<p><strong>2020 : Intervention cours \u201cConsolidation du projet professionnel\u201d \/ Etudiants 20-25 ans \/ Universit\u00e9 Sorbonne Nouvelle (Ve)<\/strong><\/p>\n<div>\n<p>Partage d\u2019exp\u00e9rience sur la professionnalisation d\u2019un collectif th\u00e9\u00e2tral avec la classe de Licence 3 de Julien Fisera.<\/p>\n<p><b>2019-2020 : Ateliers et spectacle \u00ab Empreintes \u00bb \/ \u00c9l\u00e8ves 14-15 ans \/ Coll\u00e8ge Robert Doisneau (Paris 20e)<\/b><\/p>\n<\/div>\n<p class=\"p1\"><b>Avec le soutien de l\u2019Art pour grandir \u2013 Ville de Paris dans le cadre du programme \u00e9ducatif \u00abR\u00e9sidence artistique au coll\u00e8ge\u00bb&nbsp;<\/b><\/p>\n<p class=\"p1\">Autour des spectacles Scorpion et Infini Blanc, et en partenariat avec les Plateaux Sauvages, les artistes du collectif et les \u00e9l\u00e8ves d\u2019une classe de 3\u00e8me se sont saisis des th\u00e8mes de l\u2019h\u00e9ritage et de la transmission des violences, pour en interroger les m\u00e9canismes et les impacts aujourd\u2019hui. Cette recherche s\u2019est articul\u00e9e autour d\u2019un travail d\u2019\u00e9criture \u00e0 partir de leurs exp\u00e9riences, puis d\u2019une mise en espace apr\u00e8s la d\u00e9couverte des fondamentaux du&nbsp;jeu d\u2019acteur.<\/p>\n<p class=\"p1\"><a href=\"https:\/\/lesplateauxsauvages.fr\/collectif-louves-ta-20\/\" target=\"_blank\" rel=\"noopener\">Lire les textes des \u00e9l\u00e8ves<\/a><\/p>\n<p class=\"p1\"><b>2019-2020 : Ateliers \u00ab Prise de parole \u00bb \/ \u00c9tudiant\u2022es 20-30 ans \/ Rocket School (Paris 18e)<\/b><\/p>\n<p class=\"p1\">D\u00e9veloppement de l\u2019aisance \u00e0 l\u2019oral avec les \u00e9tudiant\u2022es en formation marketing. Utilisation des outils et techniques li\u00e9s \u00e0 la pratique du th\u00e9\u00e2tre afin de donner des cl\u00e9s d\u2019appr\u00e9hension et de ma\u00eetrise de leurs capacit\u00e9s d\u2019orateur\u2022trices.<\/p>\n<div>\n<p><b>2019 : Ateliers \u00ab Prise de parole \u00bb \/ \u00c9l\u00e8ves 12-13 ans \/ <br>Coll\u00e8ge Marx Dormoy <br>(Paris 18e)<\/b><\/p>\n<\/div>\n<p class=\"p1\">D\u00e9veloppement de l\u2019aisance \u00e0 l\u2019oral avec 4 classes de 5\u00e8me. Utilisation des outils et techniques li\u00e9s \u00e0 la pratique du th\u00e9\u00e2tre afin de donner aux \u00e9l\u00e8ves des cl\u00e9s d\u2019appr\u00e9hension et de ma\u00eetrise en vue de leur oral du brevet des coll\u00e8ges.<\/p>\t\t\t\t\t\t<\/div>\n\t\t\t\t<\/div>\n\t\t\t\t<section class=\"elementor-section elementor-inner-section elementor-element elementor-element-2104a9d elementor-section-boxed elementor-section-height-default elementor-section-height-default\" data-id=\"2104a9d\" data-element_type=\"section\">\n\t\t\t\t\t\t<div class=\"elementor-container elementor-column-gap-default\">\n\t\t\t\t\t<div class=\"elementor-column elementor-col-100 elementor-inner-column elementor-element elementor-element-206fa6c\" data-id=\"206fa6c\" data-element_type=\"column\">\n\t\t\t<div class=\"elementor-widget-wrap elementor-element-populated\">\n\t\t\t\t\t\t\t\t<div class=\"elementor-element elementor-element-e11868e elementor-aspect-ratio-169 elementor-widget elementor-widget-video\" data-id=\"e11868e\" data-element_type=\"widget\" data-settings=\"{&quot;video_type&quot;:&quot;hosted&quot;,&quot;controls&quot;:&quot;yes&quot;,&quot;aspect_ratio&quot;:&quot;169&quot;}\" data-widget_type=\"video.default\">\n\t\t\t\t<div class=\"elementor-widget-container\">\n\t\t\t<style>\/*! elementor - v3.6.7 - 03-07-2022 *\/\n.elementor-widget-video .elementor-widget-container{overflow:hidden;-webkit-transform:translateZ(0);transform:translateZ(0)}.elementor-widget-video .elementor-open-inline .elementor-custom-embed-image-overlay{position:absolute;top:0;left:0;width:100%;height:100%;background-size:cover;background-position:50%}.elementor-widget-video .elementor-custom-embed-image-overlay{cursor:pointer;text-align:center}.elementor-widget-video .elementor-custom-embed-image-overlay:hover .elementor-custom-embed-play i{opacity:1}.elementor-widget-video .elementor-custom-embed-image-overlay img{display:block;width:100%}.elementor-widget-video .e-hosted-video .elementor-video{-o-object-fit:cover;object-fit:cover}<\/style>\t\t<div class=\"e-hosted-video elementor-wrapper elementor-fit-aspect-ratio elementor-open-inline\">\n\t\t\t\t\t<video class=\"elementor-video\" src=\"http:\/\/collectif-louves.fr\/wp-content\/uploads\/2022\/07\/Notre-Choeur.mp4\" controls=\"\" controlsList=\"nodownload\"><\/video>\n\t\t\t\t<\/div>\n\t\t\t\t<\/div>\n\t\t\t\t<\/div>\n\t\t\t\t\t<\/div>\n\t\t<\/div>\n\t\t\t\t\t\t\t<\/div>\n\t\t<\/section>\n\t\t\t\t\t<\/div>\n\t\t<\/div>\n\t\t\t\t\t\t\t<\/div>\n\t\t<\/section>\n\t\t\t\t<section class=\"elementor-section elementor-top-section elementor-element elementor-element-96f53f7 elementor-section-boxed elementor-section-height-default elementor-section-height-default\" data-id=\"96f53f7\" data-element_type=\"section\" data-settings=\"{&quot;background_background&quot;:&quot;classic&quot;}\">\n\t\t\t\t\t\t<div class=\"elementor-container elementor-column-gap-extended\">\n\t\t\t\t\t<div class=\"elementor-column elementor-col-100 elementor-top-column elementor-element elementor-element-8553645\" data-id=\"8553645\" data-element_type=\"column\">\n\t\t\t<div class=\"elementor-widget-wrap elementor-element-populated\">\n\t\t\t\t\t\t\t\t<div class=\"elementor-element elementor-element-af3bf15 elementor-widget elementor-widget-image\" data-id=\"af3bf15\" data-element_type=\"widget\" data-widget_type=\"image.default\">\n\t\t\t\t<div class=\"elementor-widget-container\">\n\t\t\t\t\t\t\t\t\t\t\t\t\t\t\t<img width=\"640\" height=\"361\" src=\"http:\/\/collectif-louves.fr\/wp-content\/uploads\/2022\/11\/rectangle-fin.jpeg\" class=\"attachment-large size-large\" alt=\"\" loading=\"lazy\" srcset=\"http:\/\/collectif-louves.fr\/wp-content\/uploads\/2022\/11\/rectangle-fin.jpeg 640w, http:\/\/collectif-louves.fr\/wp-content\/uploads\/2022\/11\/rectangle-fin-480x271.jpeg 480w\" sizes=\"(min-width: 0px) and (max-width: 480px) 480px, (min-width: 481px) 640px, 100vw\" \/>\t\t\t\t\t\t\t\t\t\t\t\t\t\t\t<\/div>\n\t\t\t\t<\/div>\n\t\t\t\t\t<\/div>\n\t\t<\/div>\n\t\t\t\t\t\t\t<\/div>\n\t\t<\/section>\n\t\t\t\t<section class=\"elementor-section elementor-top-section elementor-element elementor-element-05cb0ee elementor-section-boxed elementor-section-height-default elementor-section-height-default\" data-id=\"05cb0ee\" data-element_type=\"section\">\n\t\t\t\t\t\t<div class=\"elementor-container elementor-column-gap-default\">\n\t\t\t\t\t<div class=\"elementor-column elementor-col-100 elementor-top-column elementor-element elementor-element-3b980d3\" data-id=\"3b980d3\" data-element_type=\"column\">\n\t\t\t<div class=\"elementor-widget-wrap elementor-element-populated\">\n\t\t\t\t\t\t\t\t<div class=\"elementor-element elementor-element-ca3a06f elementor-widget elementor-widget-text-editor\" data-id=\"ca3a06f\" data-element_type=\"widget\" data-widget_type=\"text-editor.default\">\n\t\t\t\t<div class=\"elementor-widget-container\">\n\t\t\t\t\t\t\t<p>Cr\u00e9dit photos\/ Pauline Le Goff, Marl\u00e8ne G\u00e9nissel<\/p>\t\t\t\t\t\t<\/div>\n\t\t\t\t<\/div>\n\t\t\t\t\t<\/div>\n\t\t<\/div>\n\t\t\t\t\t\t\t<\/div>\n\t\t<\/section>\n\t\t\t\t<section class=\"elementor-section elementor-top-section elementor-element elementor-element-ada1426 elementor-section-boxed elementor-section-height-default elementor-section-height-default\" data-id=\"ada1426\" data-element_type=\"section\">\n\t\t\t\t\t\t<div class=\"elementor-container elementor-column-gap-default\">\n\t\t\t\t\t<div class=\"elementor-column elementor-col-100 elementor-top-column elementor-element elementor-element-5730bcc\" data-id=\"5730bcc\" data-element_type=\"column\">\n\t\t\t<div class=\"elementor-widget-wrap elementor-element-populated\">\n\t\t\t\t\t\t\t\t<section class=\"elementor-section elementor-inner-section elementor-element elementor-element-c65a827 elementor-section-full_width elementor-section-height-default elementor-section-height-default\" data-id=\"c65a827\" data-element_type=\"section\">\n\t\t\t\t\t\t\t<div class=\"elementor-background-overlay\"><\/div>\n\t\t\t\t\t\t\t<div class=\"elementor-container elementor-column-gap-default\">\n\t\t\t\t\t<div class=\"elementor-column elementor-col-33 elementor-inner-column elementor-element elementor-element-4f9861b\" data-id=\"4f9861b\" data-element_type=\"column\">\n\t\t\t<div class=\"elementor-widget-wrap elementor-element-populated\">\n\t\t\t\t\t\t\t\t<div class=\"elementor-element elementor-element-d02eb0b elementor-widget elementor-widget-image\" data-id=\"d02eb0b\" data-element_type=\"widget\" data-widget_type=\"image.default\">\n\t\t\t\t<div class=\"elementor-widget-container\">\n\t\t\t\t\t\t\t\t\t\t\t\t\t\t\t\t<a href=\"https:\/\/www.facebook.com\/collectif.louves\">\n\t\t\t\t\t\t\t<img width=\"49\" height=\"45\" src=\"http:\/\/collectif-louves.fr\/wp-content\/uploads\/2022\/07\/124010-1.png\" class=\"attachment-full size-full\" alt=\"\" loading=\"lazy\" \/>\t\t\t\t\t\t\t\t<\/a>\n\t\t\t\t\t\t\t\t\t\t\t\t\t\t\t<\/div>\n\t\t\t\t<\/div>\n\t\t\t\t\t<\/div>\n\t\t<\/div>\n\t\t\t\t<div class=\"elementor-column elementor-col-33 elementor-inner-column elementor-element elementor-element-cc1470a\" data-id=\"cc1470a\" data-element_type=\"column\">\n\t\t\t<div class=\"elementor-widget-wrap elementor-element-populated\">\n\t\t\t\t\t\t\t\t<div class=\"elementor-element elementor-element-b55e775 elementor-widget elementor-widget-image\" data-id=\"b55e775\" data-element_type=\"widget\" data-widget_type=\"image.default\">\n\t\t\t\t<div class=\"elementor-widget-container\">\n\t\t\t\t\t\t\t\t\t\t\t\t\t\t\t\t<a href=\"https:\/\/www.instagram.com\/collectif.louves\/\">\n\t\t\t\t\t\t\t<img width=\"49\" height=\"44\" src=\"http:\/\/collectif-louves.fr\/wp-content\/uploads\/2022\/07\/87390-1.png\" class=\"attachment-full size-full\" alt=\"\" loading=\"lazy\" \/>\t\t\t\t\t\t\t\t<\/a>\n\t\t\t\t\t\t\t\t\t\t\t\t\t\t\t<\/div>\n\t\t\t\t<\/div>\n\t\t\t\t\t<\/div>\n\t\t<\/div>\n\t\t\t\t<div class=\"elementor-column elementor-col-33 elementor-inner-column elementor-element elementor-element-9d51bdc\" data-id=\"9d51bdc\" data-element_type=\"column\">\n\t\t\t<div class=\"elementor-widget-wrap elementor-element-populated\">\n\t\t\t\t\t\t\t\t<div class=\"elementor-element elementor-element-0fe4384 elementor-widget elementor-widget-image\" data-id=\"0fe4384\" data-element_type=\"widget\" data-widget_type=\"image.default\">\n\t\t\t\t<div class=\"elementor-widget-container\">\n\t\t\t\t\t\t\t\t\t\t\t\t\t\t\t\t<a href=\"https:\/\/twitter.com\/collectiflouves?s=21&#038;t=DJWiUvN_MkA_AItMXfEi6g\">\n\t\t\t\t\t\t\t<img width=\"55\" height=\"48\" src=\"http:\/\/collectif-louves.fr\/wp-content\/uploads\/2022\/07\/Twitter_Bird-1.png\" class=\"attachment-full size-full\" alt=\"\" loading=\"lazy\" \/>\t\t\t\t\t\t\t\t<\/a>\n\t\t\t\t\t\t\t\t\t\t\t\t\t\t\t<\/div>\n\t\t\t\t<\/div>\n\t\t\t\t\t<\/div>\n\t\t<\/div>\n\t\t\t\t\t\t\t<\/div>\n\t\t<\/section>\n\t\t\t\t\t<\/div>\n\t\t<\/div>\n\t\t\t\t\t\t\t<\/div>\n\t\t<\/section>\n\t\t\t\t\t\t\t<\/div>\n\t\t","protected":false},"excerpt":{"rendered":"<p>Le Collectif LOUVES\/ m\u00e8ne plusieurs actions sur le territoire parisien ; certaines \u00e0 but p\u00e9dagogique de transmission, d\u2019autres \u00e0 but artistique et de cr\u00e9ation. Ainsi, nous avons cr\u00e9\u00e9 des partenariats avec des structures diverses \u2013 coll\u00e8ges, ehpad, hopitaux, universit\u00e9. 2020-2022 : Action \u201cNotre choeur pour les h\u00e9ro.\u00efne.s invisibles\u201d \/ Personnel et pensionnaires des Ehpad et [&hellip;]<\/p>\n","protected":false},"author":1,"featured_media":0,"parent":0,"menu_order":0,"comment_status":"closed","ping_status":"closed","template":"","meta":{"_et_pb_use_builder":"on","_et_pb_old_content":"","_et_gb_content_width":"","_monsterinsights_skip_tracking":false,"_monsterinsights_sitenote_active":false,"_monsterinsights_sitenote_note":"","_monsterinsights_sitenote_category":0},"yoast_head":"<!-- This site is optimized with the Yoast SEO plugin v17.1 - https:\/\/yoast.com\/wordpress\/plugins\/seo\/ -->\n<title>Nos transmissions - Collectif LOUVES\/<\/title>\n<meta name=\"robots\" content=\"index, follow, max-snippet:-1, max-image-preview:large, max-video-preview:-1\" \/>\n<link rel=\"canonical\" href=\"http:\/\/collectif-louves.fr\/?page_id=2058\" \/>\n<meta property=\"og:locale\" content=\"fr_FR\" \/>\n<meta property=\"og:type\" content=\"article\" \/>\n<meta property=\"og:title\" content=\"Nos transmissions - Collectif LOUVES\/\" \/>\n<meta property=\"og:description\" content=\"Le Collectif LOUVES\/ m\u00e8ne plusieurs actions sur le territoire parisien ; certaines \u00e0 but p\u00e9dagogique de transmission, d\u2019autres \u00e0 but artistique et de cr\u00e9ation. Ainsi, nous avons cr\u00e9\u00e9 des partenariats avec des structures diverses \u2013 coll\u00e8ges, ehpad, hopitaux, universit\u00e9. 2020-2022 : Action \u201cNotre choeur pour les h\u00e9ro.\u00efne.s invisibles\u201d \/ Personnel et pensionnaires des Ehpad et [&hellip;]\" \/>\n<meta property=\"og:url\" content=\"http:\/\/collectif-louves.fr\/?page_id=2058\" \/>\n<meta property=\"og:site_name\" content=\"Collectif LOUVES\/\" \/>\n<meta property=\"article:modified_time\" content=\"2022-12-20T00:29:00+00:00\" \/>\n<meta property=\"og:image\" content=\"http:\/\/collectif-louves.fr\/wp-content\/uploads\/2022\/07\/TITRE-11.png\" \/>\n<meta name=\"twitter:card\" content=\"summary_large_image\" \/>\n<meta name=\"twitter:label1\" content=\"Dur\u00e9e de lecture est.\" \/>\n\t<meta name=\"twitter:data1\" content=\"3 minutes\" \/>\n<script type=\"application\/ld+json\" class=\"yoast-schema-graph\">{\"@context\":\"https:\/\/schema.org\",\"@graph\":[{\"@type\":\"WebSite\",\"@id\":\"http:\/\/collectif-louves.fr\/#website\",\"url\":\"http:\/\/collectif-louves.fr\/\",\"name\":\"Collectif LOUVES\/\",\"description\":\"\",\"potentialAction\":[{\"@type\":\"SearchAction\",\"target\":{\"@type\":\"EntryPoint\",\"urlTemplate\":\"http:\/\/collectif-louves.fr\/?s={search_term_string}\"},\"query-input\":\"required name=search_term_string\"}],\"inLanguage\":\"fr-FR\"},{\"@type\":\"ImageObject\",\"@id\":\"http:\/\/collectif-louves.fr\/?page_id=2058#primaryimage\",\"inLanguage\":\"fr-FR\",\"url\":\"http:\/\/collectif-louves.fr\/wp-content\/uploads\/2022\/07\/TITRE-11.png\",\"contentUrl\":\"http:\/\/collectif-louves.fr\/wp-content\/uploads\/2022\/07\/TITRE-11.png\",\"width\":1260,\"height\":309},{\"@type\":\"WebPage\",\"@id\":\"http:\/\/collectif-louves.fr\/?page_id=2058#webpage\",\"url\":\"http:\/\/collectif-louves.fr\/?page_id=2058\",\"name\":\"Nos transmissions - Collectif LOUVES\/\",\"isPartOf\":{\"@id\":\"http:\/\/collectif-louves.fr\/#website\"},\"primaryImageOfPage\":{\"@id\":\"http:\/\/collectif-louves.fr\/?page_id=2058#primaryimage\"},\"datePublished\":\"2022-07-24T17:32:50+00:00\",\"dateModified\":\"2022-12-20T00:29:00+00:00\",\"breadcrumb\":{\"@id\":\"http:\/\/collectif-louves.fr\/?page_id=2058#breadcrumb\"},\"inLanguage\":\"fr-FR\",\"potentialAction\":[{\"@type\":\"ReadAction\",\"target\":[\"http:\/\/collectif-louves.fr\/?page_id=2058\"]}]},{\"@type\":\"BreadcrumbList\",\"@id\":\"http:\/\/collectif-louves.fr\/?page_id=2058#breadcrumb\",\"itemListElement\":[{\"@type\":\"ListItem\",\"position\":1,\"name\":\"Accueil\",\"item\":\"http:\/\/collectif-louves.fr\/\"},{\"@type\":\"ListItem\",\"position\":2,\"name\":\"Nos transmissions\"}]}]}<\/script>\n<!-- \/ Yoast SEO plugin. -->","yoast_head_json":{"title":"Nos transmissions - Collectif LOUVES\/","robots":{"index":"index","follow":"follow","max-snippet":"max-snippet:-1","max-image-preview":"max-image-preview:large","max-video-preview":"max-video-preview:-1"},"canonical":"http:\/\/collectif-louves.fr\/?page_id=2058","og_locale":"fr_FR","og_type":"article","og_title":"Nos transmissions - Collectif LOUVES\/","og_description":"Le Collectif LOUVES\/ m\u00e8ne plusieurs actions sur le territoire parisien ; certaines \u00e0 but p\u00e9dagogique de transmission, d\u2019autres \u00e0 but artistique et de cr\u00e9ation. Ainsi, nous avons cr\u00e9\u00e9 des partenariats avec des structures diverses \u2013 coll\u00e8ges, ehpad, hopitaux, universit\u00e9. 2020-2022 : Action \u201cNotre choeur pour les h\u00e9ro.\u00efne.s invisibles\u201d \/ Personnel et pensionnaires des Ehpad et [&hellip;]","og_url":"http:\/\/collectif-louves.fr\/?page_id=2058","og_site_name":"Collectif LOUVES\/","article_modified_time":"2022-12-20T00:29:00+00:00","og_image":[{"url":"http:\/\/collectif-louves.fr\/wp-content\/uploads\/2022\/07\/TITRE-11.png"}],"twitter_card":"summary_large_image","twitter_misc":{"Dur\u00e9e de lecture est.":"3 minutes"},"schema":{"@context":"https:\/\/schema.org","@graph":[{"@type":"WebSite","@id":"http:\/\/collectif-louves.fr\/#website","url":"http:\/\/collectif-louves.fr\/","name":"Collectif LOUVES\/","description":"","potentialAction":[{"@type":"SearchAction","target":{"@type":"EntryPoint","urlTemplate":"http:\/\/collectif-louves.fr\/?s={search_term_string}"},"query-input":"required name=search_term_string"}],"inLanguage":"fr-FR"},{"@type":"ImageObject","@id":"http:\/\/collectif-louves.fr\/?page_id=2058#primaryimage","inLanguage":"fr-FR","url":"http:\/\/collectif-louves.fr\/wp-content\/uploads\/2022\/07\/TITRE-11.png","contentUrl":"http:\/\/collectif-louves.fr\/wp-content\/uploads\/2022\/07\/TITRE-11.png","width":1260,"height":309},{"@type":"WebPage","@id":"http:\/\/collectif-louves.fr\/?page_id=2058#webpage","url":"http:\/\/collectif-louves.fr\/?page_id=2058","name":"Nos transmissions - Collectif LOUVES\/","isPartOf":{"@id":"http:\/\/collectif-louves.fr\/#website"},"primaryImageOfPage":{"@id":"http:\/\/collectif-louves.fr\/?page_id=2058#primaryimage"},"datePublished":"2022-07-24T17:32:50+00:00","dateModified":"2022-12-20T00:29:00+00:00","breadcrumb":{"@id":"http:\/\/collectif-louves.fr\/?page_id=2058#breadcrumb"},"inLanguage":"fr-FR","potentialAction":[{"@type":"ReadAction","target":["http:\/\/collectif-louves.fr\/?page_id=2058"]}]},{"@type":"BreadcrumbList","@id":"http:\/\/collectif-louves.fr\/?page_id=2058#breadcrumb","itemListElement":[{"@type":"ListItem","position":1,"name":"Accueil","item":"http:\/\/collectif-louves.fr\/"},{"@type":"ListItem","position":2,"name":"Nos transmissions"}]}]}},"_links":{"self":[{"href":"http:\/\/collectif-louves.fr\/index.php?rest_route=\/wp\/v2\/pages\/2058"}],"collection":[{"href":"http:\/\/collectif-louves.fr\/index.php?rest_route=\/wp\/v2\/pages"}],"about":[{"href":"http:\/\/collectif-louves.fr\/index.php?rest_route=\/wp\/v2\/types\/page"}],"author":[{"embeddable":true,"href":"http:\/\/collectif-louves.fr\/index.php?rest_route=\/wp\/v2\/users\/1"}],"replies":[{"embeddable":true,"href":"http:\/\/collectif-louves.fr\/index.php?rest_route=%2Fwp%2Fv2%2Fcomments&post=2058"}],"version-history":[{"count":157,"href":"http:\/\/collectif-louves.fr\/index.php?rest_route=\/wp\/v2\/pages\/2058\/revisions"}],"predecessor-version":[{"id":4963,"href":"http:\/\/collectif-louves.fr\/index.php?rest_route=\/wp\/v2\/pages\/2058\/revisions\/4963"}],"wp:attachment":[{"href":"http:\/\/collectif-louves.fr\/index.php?rest_route=%2Fwp%2Fv2%2Fmedia&parent=2058"}],"curies":[{"name":"wp","href":"https:\/\/api.w.org\/{rel}","templated":true}]}}